{"id":54,"date":"2012-10-24T15:55:37","date_gmt":"2012-10-24T13:55:37","guid":{"rendered":"http:\/\/54554612.swh.strato-hosting.eu\/wds\/?page_id=54"},"modified":"2012-10-24T23:34:27","modified_gmt":"2012-10-24T21:34:27","slug":"welt-der-sinne-zum-ausleihen","status":"publish","type":"page","link":"https:\/\/www.welt-der-sinne.org\/?page_id=54","title":{"rendered":"Welt der Sinne zum Ausleihen"},"content":{"rendered":"<p><span style=\"font-size: small; font-family: arial,helvetica,sans-serif;\">Sie k\u00f6nnen die Mitmachausstellung &#8222;Welt der Sinne&#8220; ausleihen und f\u00fcr sich und Ihre Institution eine einzigartige erlebniswelt erschaffen.<\/span><\/p>\n<p><span style=\"font-size: small; font-family: arial,helvetica,sans-serif;\">Eine F\u00fclle von Experimenten, mit der erlebnisorientierten Ausstellungskonzeption, entf\u00fchrt Sie in die aufregende Welt von Sinneserfahrungen und T\u00e4uschungen.<\/span><\/p>\n<h4><span style=\"font-family: arial,helvetica,sans-serif;\">Exponate<\/span><\/h4>\n<p><span style=\"font-size: small; font-family: arial,helvetica,sans-serif;\">Im Normalfall besteht die Ausstellung aus ca. 20 Exponaten, die jedoch je nach Ihren Bed\u00fcrfnissen auch durch weitere erg\u00e4nzt werden k\u00f6nnen. Einen \u00dcberblick erhalten Sie auf unserer Homepage. Ausf\u00fchrliche Darstellungen und Beschreibungen k\u00f6nnen Sie in unserem internen Bereich einsehen. Die Zugangsdaten erhalten Sie bei Interesse zugesandt.<\/span><\/p>\n<h4><span style=\"font-family: arial,helvetica,sans-serif;\">Infrastruktur<\/span><\/h4>\n<p><span style=\"font-size: small; font-family: arial,helvetica,sans-serif;\">Um eine Ausstellung mit 20 Exponaten zu zeigen ben\u00f6tigen Sie etwa 100 m\u00b2 Stellfl\u00e4che.<\/span><\/p>\n<p><span style=\"font-size: small; font-family: arial,helvetica,sans-serif;\">Zus\u00e4tzlich zu den Exponattischen ben\u00f6tigen Sie weitere 6 Tische und 4 St\u00fchle.<\/span><\/p>\n<h4><span style=\"font-family: arial,helvetica,sans-serif;\">Dauer der Ausstellung<\/span><\/h4>\n<p><span style=\"font-size: small; font-family: arial,helvetica,sans-serif;\">Wir empfehlen, die Ausstellung f\u00fcr mindestens zwei Wochen zu planen. Erfahrungsgem\u00e4\u00df kommen in der zweiten Woche deutlich mehr Besucher als in der ersten.<\/span><\/p>\n<h4><span style=\"font-family: arial,helvetica,sans-serif;\">Betreuung der Ausstellung<\/span><\/h4>\n<p><span style=\"font-size: small; font-family: arial,helvetica,sans-serif;\">Eine Ausstellung dieses Typs setzt auch bei Ihnen ein gro\u00dfes Engagement voraus. Zur Betreuung der Ausstellung reichen zwei Personen. Dieser Aufwand lohnt sich, denn Sie werden ganz sicher durch die positive Reaktionen der Besucher belohnt.<\/span><\/p>\n<h4><span style=\"font-family: arial,helvetica,sans-serif;\">Inhaltliche Vor- und Nachbereitung der Ausstellung<\/span><\/h4>\n<p><span style=\"font-size: small; font-family: arial,helvetica,sans-serif;\">Zur inhaltlichen Vor- und Nachbereitung der Ausstellung empfehlen wir Ihnen unsere Ausf\u00fchrungen im internen Bereich unserer Homepage. In Einzelf\u00e4llen kann der Erfinder der Ausstellung Karl-Eugen Siegel vorab einen Vortrag halten, etwa im Rahmen einer Fortbildungsveranstaltung oder der Er\u00f6ffnung.<\/span><\/p>\n<h4><span style=\"font-family: arial,helvetica,sans-serif;\">Aufbau und Abbau<\/span><\/h4>\n<p><span style=\"font-size: small; font-family: arial,helvetica,sans-serif;\">Der Auf- und Abbau der Ausstellung erfolgt durch zwei Mitarbeiter unseres Teams. Diese geben gerne eine Einweisung in die Ausstellung.<\/span><\/p>\n<h4><span style=\"font-family: arial,helvetica,sans-serif;\">Kosten<\/span><\/h4>\n<p><span style=\"font-size: small; font-family: arial,helvetica,sans-serif;\">An Kosten entstehen Ihnen folgende:<\/span><\/p>\n<table style=\"width: 475px; height: 63px;\" border=\"0\">\n<tbody>\n<tr>\n<td>\n<h4><span style=\"font-family: arial,helvetica,sans-serif;\"><strong>Leihgeb\u00fchr:<\/strong><\/span><\/h4>\n<\/td>\n<td><span style=\"font-size: small; font-family: arial,helvetica,sans-serif;\">\u00a0Euro 1.100,00 f\u00fcr die erste Woche<\/span><\/td>\n<\/tr>\n<tr>\n<td><span style=\"font-size: small; font-family: arial,helvetica,sans-serif;\">\u00a0<\/span><\/td>\n<td><span style=\"font-size: small; font-family: arial,helvetica,sans-serif;\">\u00a0Euro\u00a0\u00a0\u00a0 900,00 je weitere Woche<\/span><\/td>\n<\/tr>\n<\/tbody>\n<\/table>\n<h4><span style=\"font-size: small; font-family: arial,helvetica,sans-serif;\"> Diese sind f\u00fcr uns ein Durchlaufposten: Die Kosten f\u00fcr das Mietfahrzeug, Benzin und ein Mitarbeiter sind je nach Entfernung variabel und werden gesondert in Rechnung gestellt.<\/span><\/h4>\n<p><span style=\"font-size: small; font-family: arial,helvetica,sans-serif;\">Zus\u00e4tzlich berechnen wir eine Pauschale f\u00fcr Reinigung und Instandsetzung der Exponate von 100,00 Euro.<\/span><\/p>\n<p><span style=\"font-size: small; font-family: arial,helvetica,sans-serif;\">Unsere Erfahrung hat gezeigt, da\u00df man schon mit geringem Aufwand eine gro\u00dfe Besucherzahl erreichen kann. Besonders bew\u00e4hrt haben sich dabei Briefe an umliegende Schulen und eine gute Pressearbeit.<\/span><\/p>\n<p><span style=\"font-size: small; font-family: arial,helvetica,sans-serif;\">Bei einem Eintrittspreis von EUR 2,50 &#8211; EUR 4,00 pro Person kann man die Ausstellung gut finanzieren.<\/span><\/p>\n<h4><span style=\"font-family: arial,helvetica,sans-serif;\">Werbung f\u00fcr die Ausstellung<\/span><\/h4>\n<p><span style=\"font-size: small; font-family: arial,helvetica,sans-serif;\">Wollen Sie Schulklassen f\u00fcr die Ausstellung werben, stellen wir Ihnen gerne unseren Musterbrief zur Verf\u00fcgung.<\/span><\/p>\n<h4><span style=\"font-family: arial,helvetica,sans-serif;\">Flyer, Plakate<\/span><\/h4>\n<p><span style=\"font-size: small; font-family: arial,helvetica,sans-serif;\">Falls Sie Flyer und Plakate drucken lassen wollen, um f\u00fcr die Ausstellung zu werben, k\u00f6nnen Sie auf unsere Vorlagen zur\u00fcckgreifen.<\/span><\/p>\n<p><span style=\"font-size: small; font-family: arial,helvetica,sans-serif;\">Als Agentur gestalten wir Ihnen nat\u00fcrlich Ihren Werbeauftritt f\u00fcr die Ausstellung auch ganz idividuell. Sprechen Sie uns an, wir machen Ihnen ein gutes Komplettangebot inklusive des Drucks<\/span><\/p>\n<h4><span style=\"font-family: arial,helvetica,sans-serif;\">Sponsoren<\/span><\/h4>\n<p><span style=\"font-size: small; font-family: arial,helvetica,sans-serif;\">Wenn Sie zur Finanzierung der Ausstellung Sponsoren werben wollen, unterst\u00fctzen wir Sie auch darin gerne<\/span><\/p>\n<h4><span style=\"font-family: arial,helvetica,sans-serif;\">Weitere Informationen<\/span><\/h4>\n<p><span style=\"font-size: small; font-family: arial,helvetica,sans-serif;\">F\u00fcr weitere Informationen und f\u00fcr ein idividuelles Angebot nehmen Sie Kontakt mit uns auf:<\/span><\/p>\n<p><span style=\"font-size: small; font-family: arial,helvetica,sans-serif;\"><a href=\"mailto:info@promensch-marketing.de\">info@promensch-marketing.de<\/a> \u00a0 oder unter Tel: 07324 &#8211; 178004<\/span><\/p>\n<p style=\"text-align: justify;\"><span style=\"font-size: small; font-family: arial,helvetica,sans-serif;\">\u00a0<\/span><\/p>\n<h1 align=\"center\"><span style=\"font-family: arial,helvetica,sans-serif; font-size: small;\"><strong><span style=\"color: #339966;\"><a href=\"http:\/\/www.promensch-marketing.de\" target=\"_blank\">www.promensch-marketing.de<\/a><\/span><\/strong><\/span><\/h1>\n","protected":false},"excerpt":{"rendered":"<p>Sie k\u00f6nnen die Mitmachausstellung &#8222;Welt der Sinne&#8220; ausleihen und f\u00fcr sich und Ihre Institution eine einzigartige erlebniswelt erschaffen. Eine F\u00fclle von Experimenten, mit der erlebnisorientierten Ausstellungskonzeption, entf\u00fchrt Sie in die aufregende Welt von Sinneserfahrungen und T\u00e4uschungen. Exponate Im Normalfall besteht die Ausstellung aus ca. 20 Exponaten, die jedoch je nach Ihren Bed\u00fcrfnissen auch durch weitere &hellip; <\/p>\n<p class=\"link-more\"><a href=\"https:\/\/www.welt-der-sinne.org\/?page_id=54\" class=\"more-link\"><span class=\"screen-reader-text\">\u201eWelt der Sinne zum Ausleihen\u201c<\/span> weiterlesen<\/a><\/p>\n","protected":false},"author":1,"featured_media":68,"parent":0,"menu_order":0,"comment_status":"open","ping_status":"open","template":"","meta":[],"_links":{"self":[{"href":"https:\/\/www.welt-der-sinne.org\/index.php?rest_route=\/wp\/v2\/pages\/54"}],"collection":[{"href":"https:\/\/www.welt-der-sinne.org\/index.php?rest_route=\/wp\/v2\/pages"}],"about":[{"href":"https:\/\/www.welt-der-sinne.org\/index.php?rest_route=\/wp\/v2\/types\/page"}],"author":[{"embeddable":true,"href":"https:\/\/www.welt-der-sinne.org\/index.php?rest_route=\/wp\/v2\/users\/1"}],"replies":[{"embeddable":true,"href":"https:\/\/www.welt-der-sinne.org\/index.php?rest_route=%2Fwp%2Fv2%2Fcomments&post=54"}],"version-history":[{"count":7,"href":"https:\/\/www.welt-der-sinne.org\/index.php?rest_route=\/wp\/v2\/pages\/54\/revisions"}],"predecessor-version":[{"id":137,"href":"https:\/\/www.welt-der-sinne.org\/index.php?rest_route=\/wp\/v2\/pages\/54\/revisions\/137"}],"wp:featuredmedia":[{"embeddable":true,"href":"https:\/\/www.welt-der-sinne.org\/index.php?rest_route=\/wp\/v2\/media\/68"}],"wp:attachment":[{"href":"https:\/\/www.welt-der-sinne.org\/index.php?rest_route=%2Fwp%2Fv2%2Fmedia&parent=54"}],"curies":[{"name":"wp","href":"https:\/\/api.w.org\/{rel}","templated":true}]}}